{"id":2086,"date":"2024-09-21T17:43:07","date_gmt":"2024-09-21T17:43:07","guid":{"rendered":"https:\/\/www.mymallorcadiary.com\/ueber-uns\/"},"modified":"2026-03-23T04:24:21","modified_gmt":"2026-03-23T04:24:21","slug":"ueber-uns","status":"publish","type":"page","link":"https:\/\/www.mymallorcadiary.com\/de\/ueber-uns\/","title":{"rendered":"\u00dcber uns"},"content":{"rendered":"&#13;\n<p>Wir sind Adri und Tom, ein Paar, das seit sechs Jahren auf Mallorca lebt. In dieser Zeit haben wir unz\u00e4hlige versteckte Juwelen entdeckt, die nur Einheimische kennen. Von einsamen Str\u00e4nden \u00fcber lebhafte M\u00e4rkte bis hin zu malerischen D\u00f6rfern \u2013 wir m\u00f6chten Mallorca mit Leidenschaft aus der Perspektive von Einheimischen pr\u00e4sentieren.   <\/p>&#13;\n<p><img decoding=\"async\" class=\"wp-image-147 size-full aligncenter\" src=\"https:\/\/www.mymallorcadiary.com\/wp-content\/uploads\/2024\/09\/Mallorca-guide-Tom-and-Adri.jpg\" alt=\"Mallorca-F&#xFC;hrer\" width=\"550\" height=\"550\"\/><\/p>&#13;\n&#13;\n<p><strong>Mallorca entdecken, unsere Inselheimat<\/strong><\/p>&#13;\n&#13;\n<p>Mallorca hat uns mit seinen atemberaubenden Landschaften, seiner reichen Kultur und der herzlichen Gemeinschaft der Menschen, die wir hier kennengelernt haben, verzaubert. <strong>Wir haben Jahre damit verbracht, die vielen Wunder der Insel zu erkunden, und es scheint immer noch so viel Neues zu entdecken<\/strong>. Ob ein ruhiger Strand im Sonnenaufgang, ein lebhafter Markt im Herzen von Palma oder eine versteckte Bucht \u2013 unsere Verbundenheit mit dieser Insel wird mit jedem Jahr tiefer.  <\/p>&#13;\n&#13;\n<p><strong>Wir lieben es, die Sch\u00f6nheit Mallorcas mit anderen zu teilen und ihnen<\/strong> ein authentisches Erlebnis der Kultur, K\u00fcche und versteckten Sch\u00e4tze der Insel zu bieten. Tom pr\u00e4sentiert die sch\u00f6nsten Orte der Insel au\u00dferdem mit Begeisterung auf <a href=\"https:\/\/www.tiktok.com\/@mymallorcadiary\" target=\"_blank\" rel=\"noreferrer noopener\" data-type=\"link\" data-id=\"https:\/\/www.tiktok.com\/@mymallorcadiary\">TikTok<\/a> und hilft so Reisenden wie Einheimischen, Mallorcas verborgene Winkel durch unterhaltsame Videos zu entdecken.  <\/p>&#13;\n&#13;\n<p><strong>Nuestra Vida y Negocios en la Isla<\/strong><br\/>Neben unseren Erkundungen Mallorcas haben wir das Gl\u00fcck, unsere Reiseleidenschaft mit unserer Arbeit zu verbinden. Adri betreibt ihr eigenes Unternehmen <a href=\"http:\/\/thisisvisible.com\" target=\"_blank\" rel=\"noopener\">Thisisvisible.com<\/a>, eine Webdesign- und Social-Media-Agentur, die sich darauf spezialisiert hat, mallorquinischen Unternehmen beim Ausbau ihrer Online-Pr\u00e4senz zu helfen. Tom hat <a href=\"http:\/\/likexpat.com\" target=\"_blank\" rel=\"noopener\">Likexpats.com<\/a> gegr\u00fcndet, ein Online-Reiseb\u00fcro, das einzigartige Erlebnisse f\u00fcr tschechische und slowakische Reisende auf Mallorca und anderen Destinationen bietet.   <\/p>&#13;\n&#13;\n<p><strong>Reisen, Gastronomie und Tennis: Unsere Leidenschaften<\/strong><br\/>Wenn wir nicht gerade arbeiten oder neue Ecken Mallorcas erkunden, verbringen wir unsere Freizeit am liebsten mit Reisen, Essen in lokalen Restaurants und Tennisspielen. Wir sind \u00fcberzeugt, dass das Leben auf Mallorca die perfekte Balance zwischen dem Genuss der Sch\u00f6nheit der Insel und der Verfolgung unserer pers\u00f6nlichen Leidenschaften bietet.  <strong>Wir sind immer auf der Suche nach tollen Restaurants, gem\u00fctlichen Caf\u00e9s zum Entspannen und neuen Orten zum Erkunden, sowohl hier als auch im Ausland.<\/strong><\/p>&#13;\n&#13;\n<p><strong>Vernetzen Sie sich mit uns<\/strong><br\/>Unsere Abenteuer, sowohl beruflich als auch privat auf Mallorca, teilen wir gerne mit euch. Wir hoffen, andere dazu zu inspirieren, diese wundersch\u00f6ne Insel zu entdecken und die einzigartige Mischung aus Kultur, K\u00fcche und Erlebnissen zu genie\u00dfen. Begleitet uns auf unserer Reise, w\u00e4hrend wir Mallorca weiter erkunden, unsere Erfahrungen teilen und das Leben hier in vollen Z\u00fcgen genie\u00dfen.   <\/p>&#13;\n&#13;\n<p>Schreiben Sie uns an <a href=\"mailto:mymallorcadiary@gmail.com\">mymallorcadiary@gmail.com<\/a><\/p>&#13;\n&#13;\n<p>\u00a0<\/p>&#13;\n&#13;\n<p><strong>Adri<\/strong><\/p>&#13;\n&#13;\n<p><a href=\"https:\/\/www.facebook.com\/adry.arroyocastellanos\" target=\"_blank\" rel=\"noreferrer noopener\" data-type=\"link\" data-id=\"https:\/\/www.facebook.com\/adry.arroyocastellanos\">Facebook von Adri<\/a><br\/><a href=\"https:\/\/www.instagram.com\/my.authentic.experiences\/\" target=\"_blank\" rel=\"noreferrer noopener\" data-type=\"link\" data-id=\"https:\/\/www.instagram.com\/my.authentic.experiences\/\">Instagram von Adri<\/a><\/p>&#13;\n&#13;\n<p><strong>Tom<\/strong><\/p>&#13;\n&#13;\n<p><a href=\"https:\/\/www.facebook.com\/tomas.nanak.9\/\" target=\"_blank\" rel=\"noreferrer noopener\">Facebook von Tom<\/a><br\/><a href=\"https:\/\/www.tiktok.com\/@mymallorcadiary\" target=\"_blank\" rel=\"noreferrer noopener\" data-type=\"link\" data-id=\"https:\/\/www.tiktok.com\/@mymallorcadiary\">TikTok von Tom<\/a><br\/><a href=\"https:\/\/www.instagram.com\/mymallorcadiary\/?hl=en\" target=\"_blank\" rel=\"noreferrer noopener\" data-type=\"link\" data-id=\"https:\/\/www.instagram.com\/mymallorcadiary\/?hl=en\">Instagram von Tom<\/a><\/p>&#13;\n&#13;\n<p>\u00a0<\/p>&#13;\n\r\n<blockquote class=\"wp-block-quote is-layout-flow wp-block-quote-is-layout-flow\">&#13;\n<p>\u00a0<\/p>&#13;\n<\/blockquote>\r\n&#13;\n<p>\u00a0<\/p>&#13;\n&#13;\n<p>\u00a0<\/p>&#13;\n","protected":false},"excerpt":{"rendered":"<p>&#13; Wir sind Adri und Tom, ein Paar, das seit sechs Jahren auf Mallorca lebt. In dieser Zeit haben wir unz\u00e4hlige versteckte Juwelen entdeckt, die nur Einheimische kennen. Von einsamen Str\u00e4nden \u00fcber lebhafte M\u00e4rkte bis hin zu malerischen D\u00f6rfern \u2013 wir m\u00f6chten Mallorca mit Leidenschaft aus der Perspektive von Einheimischen pr\u00e4sentieren. &#13; &#13; &#13; Mallorca [&hellip;]<\/p>\n","protected":false},"author":1,"featured_media":0,"parent":0,"menu_order":0,"comment_status":"closed","ping_status":"closed","template":"","meta":{"rank_math_title":"","rank_math_description":"","rank_math_focus_keyword":"","_lmt_disableupdate":"","_lmt_disable":"","footnotes":""},"class_list":["post-2086","page","type-page","status-publish"],"yoast_head":"<!-- This site is optimized with the Yoast SEO plugin v23.8 - https:\/\/yoast.com\/wordpress\/plugins\/seo\/ -->\n<title>\u00dcber uns | Mymallorcadiary<\/title>\n<meta name=\"description\" content=\"Wir sind Adri und Tom, ein Paar, das seit sechs Jahren auf Mallorca lebt. W\u00e4hrend unserer Zeit auf dieser wundersch\u00f6nen Insel...\" \/>\n<meta name=\"robots\" content=\"index, follow, max-snippet:-1, max-image-preview:large, max-video-preview:-1\" \/>\n<link rel=\"canonical\" href=\"https:\/\/www.mymallorcadiary.com\/de\/ueber-uns\/\" \/>\n<meta property=\"og:locale\" content=\"de_DE\" \/>\n<meta property=\"og:type\" content=\"article\" \/>\n<meta property=\"og:title\" content=\"\u00dcber uns | Mymallorcadiary\" \/>\n<meta property=\"og:description\" content=\"Wir sind Adri und Tom, ein Paar, das seit sechs Jahren auf Mallorca lebt. W\u00e4hrend unserer Zeit auf dieser wundersch\u00f6nen Insel...\" \/>\n<meta property=\"og:url\" content=\"https:\/\/www.mymallorcadiary.com\/de\/ueber-uns\/\" \/>\n<meta property=\"og:site_name\" content=\"mymallorcadiary.com\" \/>\n<meta property=\"article:modified_time\" content=\"2026-03-23T04:24:21+00:00\" \/>\n<meta name=\"twitter:card\" content=\"summary_large_image\" \/>\n<meta name=\"twitter:label1\" content=\"Gesch\u00e4tzte Lesezeit\" \/>\n\t<meta name=\"twitter:data1\" content=\"2\u00a0Minuten\" \/>\n<script type=\"application\/ld+json\" class=\"yoast-schema-graph\">{\"@context\":\"https:\/\/schema.org\",\"@graph\":[{\"@type\":\"WebPage\",\"@id\":\"https:\/\/www.mymallorcadiary.com\/de\/ueber-uns\/\",\"url\":\"https:\/\/www.mymallorcadiary.com\/de\/ueber-uns\/\",\"name\":\"\u00dcber uns | Mymallorcadiary\",\"isPartOf\":{\"@id\":\"https:\/\/www.mymallorcadiary.com\/de\/#website\"},\"primaryImageOfPage\":{\"@id\":\"https:\/\/www.mymallorcadiary.com\/de\/ueber-uns\/#primaryimage\"},\"image\":{\"@id\":\"https:\/\/www.mymallorcadiary.com\/de\/ueber-uns\/#primaryimage\"},\"thumbnailUrl\":\"https:\/\/www.mymallorcadiary.com\/wp-content\/uploads\/2024\/09\/Mallorca-guide-Tom-and-Adri.jpg\",\"datePublished\":\"2024-09-21T17:43:07+00:00\",\"dateModified\":\"2026-03-23T04:24:21+00:00\",\"description\":\"Wir sind Adri und Tom, ein Paar, das seit sechs Jahren auf Mallorca lebt. W\u00e4hrend unserer Zeit auf dieser wundersch\u00f6nen Insel...\",\"breadcrumb\":{\"@id\":\"https:\/\/www.mymallorcadiary.com\/de\/ueber-uns\/#breadcrumb\"},\"inLanguage\":\"de\",\"potentialAction\":[{\"@type\":\"ReadAction\",\"target\":[\"https:\/\/www.mymallorcadiary.com\/de\/ueber-uns\/\"]}]},{\"@type\":\"ImageObject\",\"inLanguage\":\"de\",\"@id\":\"https:\/\/www.mymallorcadiary.com\/de\/ueber-uns\/#primaryimage\",\"url\":\"https:\/\/www.mymallorcadiary.com\/wp-content\/uploads\/2024\/09\/Mallorca-guide-Tom-and-Adri.jpg\",\"contentUrl\":\"https:\/\/www.mymallorcadiary.com\/wp-content\/uploads\/2024\/09\/Mallorca-guide-Tom-and-Adri.jpg\"},{\"@type\":\"BreadcrumbList\",\"@id\":\"https:\/\/www.mymallorcadiary.com\/de\/ueber-uns\/#breadcrumb\",\"itemListElement\":[{\"@type\":\"ListItem\",\"position\":1,\"name\":\"Portada\",\"item\":\"https:\/\/www.mymallorcadiary.com\/de\/\"},{\"@type\":\"ListItem\",\"position\":2,\"name\":\"\u00dcber uns\"}]},{\"@type\":\"WebSite\",\"@id\":\"https:\/\/www.mymallorcadiary.com\/de\/#website\",\"url\":\"https:\/\/www.mymallorcadiary.com\/de\/\",\"name\":\"mymallorcadiary.com\",\"description\":\"The best Mallorcan tips\",\"potentialAction\":[{\"@type\":\"SearchAction\",\"target\":{\"@type\":\"EntryPoint\",\"urlTemplate\":\"https:\/\/www.mymallorcadiary.com\/de\/?s={search_term_string}\"},\"query-input\":{\"@type\":\"PropertyValueSpecification\",\"valueRequired\":true,\"valueName\":\"search_term_string\"}}],\"inLanguage\":\"de\"}]}<\/script>\n<!-- \/ Yoast SEO plugin. -->","yoast_head_json":{"title":"\u00dcber uns | Mymallorcadiary","description":"Wir sind Adri und Tom, ein Paar, das seit sechs Jahren auf Mallorca lebt. W\u00e4hrend unserer Zeit auf dieser wundersch\u00f6nen Insel...","robots":{"index":"index","follow":"follow","max-snippet":"max-snippet:-1","max-image-preview":"max-image-preview:large","max-video-preview":"max-video-preview:-1"},"canonical":"https:\/\/www.mymallorcadiary.com\/de\/ueber-uns\/","og_locale":"de_DE","og_type":"article","og_title":"\u00dcber uns | Mymallorcadiary","og_description":"Wir sind Adri und Tom, ein Paar, das seit sechs Jahren auf Mallorca lebt. W\u00e4hrend unserer Zeit auf dieser wundersch\u00f6nen Insel...","og_url":"https:\/\/www.mymallorcadiary.com\/de\/ueber-uns\/","og_site_name":"mymallorcadiary.com","article_modified_time":"2026-03-23T04:24:21+00:00","twitter_card":"summary_large_image","twitter_misc":{"Gesch\u00e4tzte Lesezeit":"2\u00a0Minuten"},"schema":{"@context":"https:\/\/schema.org","@graph":[{"@type":"WebPage","@id":"https:\/\/www.mymallorcadiary.com\/de\/ueber-uns\/","url":"https:\/\/www.mymallorcadiary.com\/de\/ueber-uns\/","name":"\u00dcber uns | Mymallorcadiary","isPartOf":{"@id":"https:\/\/www.mymallorcadiary.com\/de\/#website"},"primaryImageOfPage":{"@id":"https:\/\/www.mymallorcadiary.com\/de\/ueber-uns\/#primaryimage"},"image":{"@id":"https:\/\/www.mymallorcadiary.com\/de\/ueber-uns\/#primaryimage"},"thumbnailUrl":"https:\/\/www.mymallorcadiary.com\/wp-content\/uploads\/2024\/09\/Mallorca-guide-Tom-and-Adri.jpg","datePublished":"2024-09-21T17:43:07+00:00","dateModified":"2026-03-23T04:24:21+00:00","description":"Wir sind Adri und Tom, ein Paar, das seit sechs Jahren auf Mallorca lebt. W\u00e4hrend unserer Zeit auf dieser wundersch\u00f6nen Insel...","breadcrumb":{"@id":"https:\/\/www.mymallorcadiary.com\/de\/ueber-uns\/#breadcrumb"},"inLanguage":"de","potentialAction":[{"@type":"ReadAction","target":["https:\/\/www.mymallorcadiary.com\/de\/ueber-uns\/"]}]},{"@type":"ImageObject","inLanguage":"de","@id":"https:\/\/www.mymallorcadiary.com\/de\/ueber-uns\/#primaryimage","url":"https:\/\/www.mymallorcadiary.com\/wp-content\/uploads\/2024\/09\/Mallorca-guide-Tom-and-Adri.jpg","contentUrl":"https:\/\/www.mymallorcadiary.com\/wp-content\/uploads\/2024\/09\/Mallorca-guide-Tom-and-Adri.jpg"},{"@type":"BreadcrumbList","@id":"https:\/\/www.mymallorcadiary.com\/de\/ueber-uns\/#breadcrumb","itemListElement":[{"@type":"ListItem","position":1,"name":"Portada","item":"https:\/\/www.mymallorcadiary.com\/de\/"},{"@type":"ListItem","position":2,"name":"\u00dcber uns"}]},{"@type":"WebSite","@id":"https:\/\/www.mymallorcadiary.com\/de\/#website","url":"https:\/\/www.mymallorcadiary.com\/de\/","name":"mymallorcadiary.com","description":"The best Mallorcan tips","potentialAction":[{"@type":"SearchAction","target":{"@type":"EntryPoint","urlTemplate":"https:\/\/www.mymallorcadiary.com\/de\/?s={search_term_string}"},"query-input":{"@type":"PropertyValueSpecification","valueRequired":true,"valueName":"search_term_string"}}],"inLanguage":"de"}]}},"yoast_meta":{"yoast_wpseo_title":"\u00dcber uns | Mymallorcadiary","yoast_wpseo_metadesc":"Wir sind Adri und Tom, ein Paar, das seit sechs Jahren auf Mallorca lebt. W\u00e4hrend unserer Zeit auf dieser wundersch\u00f6nen Insel...","yoast_wpseo_canonical":"https:\/\/www.mymallorcadiary.com\/de\/ueber-uns\/"},"_links":{"self":[{"href":"https:\/\/www.mymallorcadiary.com\/de\/wp-json\/wp\/v2\/pages\/2086","targetHints":{"allow":["GET"]}}],"collection":[{"href":"https:\/\/www.mymallorcadiary.com\/de\/wp-json\/wp\/v2\/pages"}],"about":[{"href":"https:\/\/www.mymallorcadiary.com\/de\/wp-json\/wp\/v2\/types\/page"}],"author":[{"embeddable":true,"href":"https:\/\/www.mymallorcadiary.com\/de\/wp-json\/wp\/v2\/users\/1"}],"replies":[{"embeddable":true,"href":"https:\/\/www.mymallorcadiary.com\/de\/wp-json\/wp\/v2\/comments?post=2086"}],"version-history":[{"count":0,"href":"https:\/\/www.mymallorcadiary.com\/de\/wp-json\/wp\/v2\/pages\/2086\/revisions"}],"wp:attachment":[{"href":"https:\/\/www.mymallorcadiary.com\/de\/wp-json\/wp\/v2\/media?parent=2086"}],"curies":[{"name":"wp","href":"https:\/\/api.w.org\/{rel}","templated":true}]}}